{"id":1367,"date":"2025-09-08T10:04:43","date_gmt":"2025-09-08T13:04:43","guid":{"rendered":"https:\/\/interclip.com.br\/?page_id=1367"},"modified":"2025-09-08T12:08:52","modified_gmt":"2025-09-08T15:08:52","slug":"blog","status":"publish","type":"page","link":"https:\/\/interclip.com.br\/?page_id=1367","title":{"rendered":"BLOG"},"content":{"rendered":"\t\t<div data-elementor-type=\"wp-page\" data-elementor-id=\"1367\" class=\"elementor elementor-1367\" data-elementor-post-type=\"page\">\n\t\t\t\t<div class=\"elementor-element elementor-element-92a9083 e-flex e-con-boxed e-con e-parent\" data-id=\"92a9083\" data-element_type=\"container\" data-e-type=\"container\" data-settings=\"{&quot;background_background&quot;:&quot;classic&quot;}\">\n\t\t\t\t\t<div class=\"e-con-inner\">\n\t\t\t\t<div class=\"elementor-element elementor-element-7da2084 elementor-widget elementor-widget-tfposts\" data-id=\"7da2084\" data-element_type=\"widget\" data-e-type=\"widget\" data-widget_type=\"tfposts.default\">\n\t\t\t\t<div class=\"elementor-widget-container\">\n\t\t\t\t\t\t\t<div id=\"tf-posts-7da2084\" class=\"tf-posts-7da2084 tf-posts-wrap column-2 tablet-column-1 mobile-column-1  no-arrow no-bullets grid-styles-default featured-post-top  \" data-tabid=\"7da2084\" data-class_id=\"tf-posts-7da2084\" data-loop=\"\" data-auto=\"\" data-column=\"\" data-column2=\"\" data-column3=\"\" data-spacer=\"\" data-prev_icon=\"\" data-next_icon=\"\" >\t\t\t\r\n\t\t\t<div class=\"tf-posts  grid\">\r\n\t\t\t\t\t\t\t\t\t\t\r\n\t\t\t\t\t\t\t\t<div class=\"column\">\r\n\t\t\t\t\t<div class=\"entry blog-post\">\r\n\t\t\t\t\t\t\t\t\t\t\t\t\t\t\t\t\t\t\t\t\t\t\t\t\t\t\t<div class=\"featured-post\">\r\n\t\t\t\t\t\t\t\t\t\t\t\t<img decoding=\"async\" src=\"https:\/\/interclip.com.br\/wp-content\/uploads\/2018\/09\/InterclipBH-1024x682.jpeg\" alt=\"image\">\t\t\t\t\t\t\t\t\t\t\t\t\t\t\t\t\t\t\t\t\t\t\t\t<a href=\"https:\/\/interclip.com.br\/?p=732\" class=\"overlay\">\r\n\t\t\t\t\t\t\t\t\t\t\t\t\t<i class=\"\" aria-hidden=\"true\"><\/i>\t\t\t\t\t\t\t\t\t\t\t\t<\/a>\r\n\t\t\t\t\t\t\t\t\t\t\t\t\t\t\t\t\t\t\t\t\t\r\n\t\t\t\t\t\t\t\t\t\t\t<\/div>\r\n\t\t\t\t\t\t\t\t\t\t\t\t\t\t\t\t\t\t\t\t\t\t\r\n\t\t\t\t\t\t\t\t\t\t\t\t\t\t\t\t\t\t\t\t\t\t\t\t\t\t\t\t<div class=\"content\">\r\n\t\t\t\t\t\t\t\t\t\t\r\n\t\t\t\t\t\t\t\t\t\t\t\t\t\t\t\t\t\t\t\t\t<h2 class=\"title\"><a href=\"https:\/\/interclip.com.br\/?p=732\" title=\"SAIBA COMO COORDENAR A COMUNICA\u00c7\u00c3O DA SUA EMPRESA\">SAIBA COMO COORDENAR A COMUNICA\u00c7\u00c3O DA SUA EMPRESA<\/a><\/h2>\r\n\t\t\t\t\t\t\t\t\t\t\r\n\t\t\t\t\t\t\t\t\t\t\r\n\t\t\t\t\t\t\t\t\t\t\r\n\t\t\t\t\t\t\t\t\t\t\t\t\t\t\t\t\t\t\t\t\t<div class=\"content-post\">A comunica\u00e7\u00e3o empresarial \u00e9 uma das ferramentas essenciais para potencializar a visibilidade da sua empresa. Ok, essa frase \u00e9 muito \u00f3bvia que chega a ser um pouco banal. Mas n\u00e3o&hellip;<\/div>\r\n\t\t\t\t\t\t\t\t\t\t\t\t\t\t\t\t\t\t\t\t\r\n\t\t\t\t\t\t\t\t\t\t\t\t\t\t\t\t\t\t\t\t\t<div class=\"tf-button-container \">\r\n\t\t\t\t\t\t\t\t\t\t\t\t<a href=\"https:\/\/interclip.com.br\/?p=732\" class=\"tf-button bt_icon_after\">\r\n\t\t\t\t\t\t\t\t\t\t\t\t\tLEIA MAIS<i class=\"fas fa-angle-double-right\" aria-hidden=\"true\"><\/i> \r\n\t\t\t\t\t\t\t\t\t\t\t\t<\/a>\r\n\t\t\t\t\t\t\t\t\t\t\t<\/div>\r\n\t\t\t\t\t\t\t\t\t\t\t\t\t\t\t\t\r\n\t\t\t\t\t\t\t\t\t<\/div>\r\n\t\t\t\t\t\t\t\t\t\t\t\t\t\t\t\t\r\n\t\t\t\t\t<\/div>\r\n\t\t\t\t<\/div>\r\n\t\t\t\t\t\t\t\t<div class=\"column\">\r\n\t\t\t\t\t<div class=\"entry blog-post\">\r\n\t\t\t\t\t\t\t\t\t\t\t\t\t\t\t\t\t\t\t\t\t\t\t\t\t\t\t<div class=\"featured-post\">\r\n\t\t\t\t\t\t\t\t\t\t\t\t<img decoding=\"async\" src=\"https:\/\/interclip.com.br\/wp-content\/uploads\/2018\/08\/InterclipBH-1024x669.jpeg\" alt=\"image\">\t\t\t\t\t\t\t\t\t\t\t\t\t\t\t\t\t\t\t\t\t\t\t\t<a href=\"https:\/\/interclip.com.br\/?p=728\" class=\"overlay\">\r\n\t\t\t\t\t\t\t\t\t\t\t\t\t<i class=\"\" aria-hidden=\"true\"><\/i>\t\t\t\t\t\t\t\t\t\t\t\t<\/a>\r\n\t\t\t\t\t\t\t\t\t\t\t\t\t\t\t\t\t\t\t\t\t\r\n\t\t\t\t\t\t\t\t\t\t\t<\/div>\r\n\t\t\t\t\t\t\t\t\t\t\t\t\t\t\t\t\t\t\t\t\t\t\r\n\t\t\t\t\t\t\t\t\t\t\t\t\t\t\t\t\t\t\t\t\t\t\t\t\t\t\t\t<div class=\"content\">\r\n\t\t\t\t\t\t\t\t\t\t\r\n\t\t\t\t\t\t\t\t\t\t\t\t\t\t\t\t\t\t\t\t\t<h2 class=\"title\"><a href=\"https:\/\/interclip.com.br\/?p=728\" title=\"VOC\u00ca SABE COMO APLICAR A CULTURA DE INOVA\u00c7\u00c3O NA SUA EMPRESA?\">VOC\u00ca SABE COMO APLICAR A CULTURA DE INOVA\u00c7\u00c3O NA SUA EMPRESA?<\/a><\/h2>\r\n\t\t\t\t\t\t\t\t\t\t\r\n\t\t\t\t\t\t\t\t\t\t\r\n\t\t\t\t\t\t\t\t\t\t\r\n\t\t\t\t\t\t\t\t\t\t\t\t\t\t\t\t\t\t\t\t\t<div class=\"content-post\">A busca pelo diferencial de mercado deve ser um dos pilares para nortear a estrat\u00e9gia de crescimento de uma empresa. Essa necessidade se acentuou ainda mais com a crise econ\u00f4mica.&hellip;<\/div>\r\n\t\t\t\t\t\t\t\t\t\t\t\t\t\t\t\t\t\t\t\t\r\n\t\t\t\t\t\t\t\t\t\t\t\t\t\t\t\t\t\t\t\t\t<div class=\"tf-button-container \">\r\n\t\t\t\t\t\t\t\t\t\t\t\t<a href=\"https:\/\/interclip.com.br\/?p=728\" class=\"tf-button bt_icon_after\">\r\n\t\t\t\t\t\t\t\t\t\t\t\t\tLEIA MAIS<i class=\"fas fa-angle-double-right\" aria-hidden=\"true\"><\/i> \r\n\t\t\t\t\t\t\t\t\t\t\t\t<\/a>\r\n\t\t\t\t\t\t\t\t\t\t\t<\/div>\r\n\t\t\t\t\t\t\t\t\t\t\t\t\t\t\t\t\r\n\t\t\t\t\t\t\t\t\t<\/div>\r\n\t\t\t\t\t\t\t\t\t\t\t\t\t\t\t\t\r\n\t\t\t\t\t<\/div>\r\n\t\t\t\t<\/div>\r\n\t\t\t\t\t\t\t\t<div class=\"column\">\r\n\t\t\t\t\t<div class=\"entry blog-post\">\r\n\t\t\t\t\t\t\t\t\t\t\t\t\t\t\t\t\t\t\t\t\t\t\t\t\t\t\t<div class=\"featured-post\">\r\n\t\t\t\t\t\t\t\t\t\t\t\t<img decoding=\"async\" src=\"https:\/\/interclip.com.br\/wp-content\/uploads\/2018\/08\/Interclip-1024x683.jpeg\" alt=\"image\">\t\t\t\t\t\t\t\t\t\t\t\t\t\t\t\t\t\t\t\t\t\t\t\t<a href=\"https:\/\/interclip.com.br\/?p=724\" class=\"overlay\">\r\n\t\t\t\t\t\t\t\t\t\t\t\t\t<i class=\"\" aria-hidden=\"true\"><\/i>\t\t\t\t\t\t\t\t\t\t\t\t<\/a>\r\n\t\t\t\t\t\t\t\t\t\t\t\t\t\t\t\t\t\t\t\t\t\r\n\t\t\t\t\t\t\t\t\t\t\t<\/div>\r\n\t\t\t\t\t\t\t\t\t\t\t\t\t\t\t\t\t\t\t\t\t\t\r\n\t\t\t\t\t\t\t\t\t\t\t\t\t\t\t\t\t\t\t\t\t\t\t\t\t\t\t\t<div class=\"content\">\r\n\t\t\t\t\t\t\t\t\t\t\r\n\t\t\t\t\t\t\t\t\t\t\t\t\t\t\t\t\t\t\t\t\t<h2 class=\"title\"><a href=\"https:\/\/interclip.com.br\/?p=724\" title=\"SAIBA A IMPORT\u00c2NCIA DO MAILING NAS AG\u00caNCIAS DE COMUNICA\u00c7\u00c3O\">SAIBA A IMPORT\u00c2NCIA DO MAILING NAS AG\u00caNCIAS DE COMUNICA\u00c7\u00c3O<\/a><\/h2>\r\n\t\t\t\t\t\t\t\t\t\t\r\n\t\t\t\t\t\t\t\t\t\t\r\n\t\t\t\t\t\t\t\t\t\t\r\n\t\t\t\t\t\t\t\t\t\t\t\t\t\t\t\t\t\t\t\t\t<div class=\"content-post\">Um dos pilares para o sucesso do trabalho de uma assessoria de imprensa \u00e9 um mailing bem constru\u00eddo, de acordo com o segmento de atua\u00e7\u00e3o do seu cliente. Se tem&hellip;<\/div>\r\n\t\t\t\t\t\t\t\t\t\t\t\t\t\t\t\t\t\t\t\t\r\n\t\t\t\t\t\t\t\t\t\t\t\t\t\t\t\t\t\t\t\t\t<div class=\"tf-button-container \">\r\n\t\t\t\t\t\t\t\t\t\t\t\t<a href=\"https:\/\/interclip.com.br\/?p=724\" class=\"tf-button bt_icon_after\">\r\n\t\t\t\t\t\t\t\t\t\t\t\t\tLEIA MAIS<i class=\"fas fa-angle-double-right\" aria-hidden=\"true\"><\/i> \r\n\t\t\t\t\t\t\t\t\t\t\t\t<\/a>\r\n\t\t\t\t\t\t\t\t\t\t\t<\/div>\r\n\t\t\t\t\t\t\t\t\t\t\t\t\t\t\t\t\r\n\t\t\t\t\t\t\t\t\t<\/div>\r\n\t\t\t\t\t\t\t\t\t\t\t\t\t\t\t\t\r\n\t\t\t\t\t<\/div>\r\n\t\t\t\t<\/div>\r\n\t\t\t\t\t\t\t\t<div class=\"column\">\r\n\t\t\t\t\t<div class=\"entry blog-post\">\r\n\t\t\t\t\t\t\t\t\t\t\t\t\t\t\t\t\t\t\t\t\t\t\t\t\t\t\t<div class=\"featured-post\">\r\n\t\t\t\t\t\t\t\t\t\t\t\t<img decoding=\"async\" src=\"https:\/\/interclip.com.br\/wp-content\/uploads\/2018\/07\/InterclipBH-1024x685.jpeg\" alt=\"image\">\t\t\t\t\t\t\t\t\t\t\t\t\t\t\t\t\t\t\t\t\t\t\t\t<a href=\"https:\/\/interclip.com.br\/?p=721\" class=\"overlay\">\r\n\t\t\t\t\t\t\t\t\t\t\t\t\t<i class=\"\" aria-hidden=\"true\"><\/i>\t\t\t\t\t\t\t\t\t\t\t\t<\/a>\r\n\t\t\t\t\t\t\t\t\t\t\t\t\t\t\t\t\t\t\t\t\t\r\n\t\t\t\t\t\t\t\t\t\t\t<\/div>\r\n\t\t\t\t\t\t\t\t\t\t\t\t\t\t\t\t\t\t\t\t\t\t\r\n\t\t\t\t\t\t\t\t\t\t\t\t\t\t\t\t\t\t\t\t\t\t\t\t\t\t\t\t<div class=\"content\">\r\n\t\t\t\t\t\t\t\t\t\t\r\n\t\t\t\t\t\t\t\t\t\t\t\t\t\t\t\t\t\t\t\t\t<h2 class=\"title\"><a href=\"https:\/\/interclip.com.br\/?p=721\" title=\"SAIBA COMO PLANEJAR O GERENCIAMENTO DE REDES SOCIAIS DO SEU NEG\u00d3CIO\">SAIBA COMO PLANEJAR O GERENCIAMENTO DE REDES SOCIAIS DO SEU NEG\u00d3CIO<\/a><\/h2>\r\n\t\t\t\t\t\t\t\t\t\t\r\n\t\t\t\t\t\t\t\t\t\t\r\n\t\t\t\t\t\t\t\t\t\t\r\n\t\t\t\t\t\t\t\t\t\t\t\t\t\t\t\t\t\t\t\t\t<div class=\"content-post\">A gest\u00e3o de redes sociais se transformou em uma estrat\u00e9gia essencial para o trabalho do assessor de imprensa. O crescimento das plataformas digitais obriga as organiza\u00e7\u00f5es a se posicionarem de&hellip;<\/div>\r\n\t\t\t\t\t\t\t\t\t\t\t\t\t\t\t\t\t\t\t\t\r\n\t\t\t\t\t\t\t\t\t\t\t\t\t\t\t\t\t\t\t\t\t<div class=\"tf-button-container \">\r\n\t\t\t\t\t\t\t\t\t\t\t\t<a href=\"https:\/\/interclip.com.br\/?p=721\" class=\"tf-button bt_icon_after\">\r\n\t\t\t\t\t\t\t\t\t\t\t\t\tLEIA MAIS<i class=\"fas fa-angle-double-right\" aria-hidden=\"true\"><\/i> \r\n\t\t\t\t\t\t\t\t\t\t\t\t<\/a>\r\n\t\t\t\t\t\t\t\t\t\t\t<\/div>\r\n\t\t\t\t\t\t\t\t\t\t\t\t\t\t\t\t\r\n\t\t\t\t\t\t\t\t\t<\/div>\r\n\t\t\t\t\t\t\t\t\t\t\t\t\t\t\t\t\r\n\t\t\t\t\t<\/div>\r\n\t\t\t\t<\/div>\r\n\t\t\t\t\t\t\t\t\t\t\t<\/div>\r\n\t\t\t\t\r\n\t\t\t\t\t<\/div>\r\n\r\n\t\t\t\t\t\t<\/div>\n\t\t\t\t<\/div>\n\t\t\t\t\t<\/div>\n\t\t\t\t<\/div>\n\t\t\t\t<\/div>\n\t\t","protected":false},"excerpt":{"rendered":"<p>SAIBA COMO COORDENAR A COMUNICA\u00c7\u00c3O DA SUA EMPRESA A comunica\u00e7\u00e3o empresarial \u00e9 uma das ferramentas essenciais para potencializar a visibilidade da sua empresa. Ok, essa frase \u00e9 muito \u00f3bvia que chega a ser um pouco banal. Mas n\u00e3o&hellip; LEIA MAIS VOC\u00ca SABE COMO APLICAR A&#8230;<\/p>\n","protected":false},"author":3,"featured_media":0,"parent":0,"menu_order":0,"comment_status":"closed","ping_status":"closed","template":"","meta":{"footnotes":""},"class_list":["post-1367","page","type-page","status-publish","hentry"],"yoast_head":"<!-- This site is optimized with the Yoast SEO plugin v27.4 - https:\/\/yoast.com\/product\/yoast-seo-wordpress\/ -->\n<title>BLOG - Interclip Clipping e Monitoramento<\/title>\n<meta name=\"robots\" content=\"index, follow, max-snippet:-1, max-image-preview:large, max-video-preview:-1\" \/>\n<link rel=\"canonical\" href=\"https:\/\/interclip.com.br\/?page_id=1367\" \/>\n<meta property=\"og:locale\" content=\"pt_BR\" \/>\n<meta property=\"og:type\" content=\"article\" \/>\n<meta property=\"og:title\" content=\"BLOG - Interclip Clipping e Monitoramento\" \/>\n<meta property=\"og:description\" content=\"SAIBA COMO COORDENAR A COMUNICA\u00c7\u00c3O DA SUA EMPRESA A comunica\u00e7\u00e3o empresarial \u00e9 uma das ferramentas essenciais para potencializar a visibilidade da sua empresa. Ok, essa frase \u00e9 muito \u00f3bvia que chega a ser um pouco banal. Mas n\u00e3o&hellip; LEIA MAIS VOC\u00ca SABE COMO APLICAR A...\" \/>\n<meta property=\"og:url\" content=\"https:\/\/interclip.com.br\/?page_id=1367\" \/>\n<meta property=\"og:site_name\" content=\"Interclip Clipping e Monitoramento\" \/>\n<meta property=\"article:modified_time\" content=\"2025-09-08T15:08:52+00:00\" \/>\n<meta property=\"og:image\" content=\"https:\/\/interclip.com.br\/wp-content\/uploads\/2018\/09\/InterclipBH-1024x682.jpeg\" \/>\n<meta name=\"twitter:card\" content=\"summary_large_image\" \/>\n<meta name=\"twitter:label1\" content=\"Est. tempo de leitura\" \/>\n\t<meta name=\"twitter:data1\" content=\"2 minutos\" \/>\n<script type=\"application\/ld+json\" class=\"yoast-schema-graph\">{\"@context\":\"https:\\\/\\\/schema.org\",\"@graph\":[{\"@type\":[\"WebPage\",\"CollectionPage\"],\"@id\":\"https:\\\/\\\/interclip.com.br\\\/?page_id=1367\",\"url\":\"https:\\\/\\\/interclip.com.br\\\/?page_id=1367\",\"name\":\"BLOG - Interclip Clipping e Monitoramento\",\"isPartOf\":{\"@id\":\"https:\\\/\\\/interclip.com.br\\\/#website\"},\"primaryImageOfPage\":{\"@id\":\"https:\\\/\\\/interclip.com.br\\\/?page_id=1367#primaryimage\"},\"image\":{\"@id\":\"https:\\\/\\\/interclip.com.br\\\/?page_id=1367#primaryimage\"},\"thumbnailUrl\":\"https:\\\/\\\/interclip.com.br\\\/wp-content\\\/uploads\\\/2018\\\/09\\\/InterclipBH-1024x682.jpeg\",\"datePublished\":\"2025-09-08T13:04:43+00:00\",\"dateModified\":\"2025-09-08T15:08:52+00:00\",\"breadcrumb\":{\"@id\":\"https:\\\/\\\/interclip.com.br\\\/?page_id=1367#breadcrumb\"},\"inLanguage\":\"pt-BR\"},{\"@type\":\"ImageObject\",\"inLanguage\":\"pt-BR\",\"@id\":\"https:\\\/\\\/interclip.com.br\\\/?page_id=1367#primaryimage\",\"url\":\"https:\\\/\\\/interclip.com.br\\\/wp-content\\\/uploads\\\/2018\\\/09\\\/InterclipBH-1024x682.jpeg\",\"contentUrl\":\"https:\\\/\\\/interclip.com.br\\\/wp-content\\\/uploads\\\/2018\\\/09\\\/InterclipBH-1024x682.jpeg\"},{\"@type\":\"BreadcrumbList\",\"@id\":\"https:\\\/\\\/interclip.com.br\\\/?page_id=1367#breadcrumb\",\"itemListElement\":[{\"@type\":\"ListItem\",\"position\":1,\"name\":\"In\u00edcio\",\"item\":\"https:\\\/\\\/interclip.com.br\\\/\"},{\"@type\":\"ListItem\",\"position\":2,\"name\":\"BLOG\"}]},{\"@type\":\"WebSite\",\"@id\":\"https:\\\/\\\/interclip.com.br\\\/#website\",\"url\":\"https:\\\/\\\/interclip.com.br\\\/\",\"name\":\"Interclip Clipping e Monitoramento\",\"description\":\"Clipping de not\u00edcias e monitoramento de redes sociais\",\"potentialAction\":[{\"@type\":\"SearchAction\",\"target\":{\"@type\":\"EntryPoint\",\"urlTemplate\":\"https:\\\/\\\/interclip.com.br\\\/?s={search_term_string}\"},\"query-input\":{\"@type\":\"PropertyValueSpecification\",\"valueRequired\":true,\"valueName\":\"search_term_string\"}}],\"inLanguage\":\"pt-BR\"}]}<\/script>\n<!-- \/ Yoast SEO plugin. -->","yoast_head_json":{"title":"BLOG - Interclip Clipping e Monitoramento","robots":{"index":"index","follow":"follow","max-snippet":"max-snippet:-1","max-image-preview":"max-image-preview:large","max-video-preview":"max-video-preview:-1"},"canonical":"https:\/\/interclip.com.br\/?page_id=1367","og_locale":"pt_BR","og_type":"article","og_title":"BLOG - Interclip Clipping e Monitoramento","og_description":"SAIBA COMO COORDENAR A COMUNICA\u00c7\u00c3O DA SUA EMPRESA A comunica\u00e7\u00e3o empresarial \u00e9 uma das ferramentas essenciais para potencializar a visibilidade da sua empresa. Ok, essa frase \u00e9 muito \u00f3bvia que chega a ser um pouco banal. Mas n\u00e3o&hellip; LEIA MAIS VOC\u00ca SABE COMO APLICAR A...","og_url":"https:\/\/interclip.com.br\/?page_id=1367","og_site_name":"Interclip Clipping e Monitoramento","article_modified_time":"2025-09-08T15:08:52+00:00","og_image":[{"url":"https:\/\/interclip.com.br\/wp-content\/uploads\/2018\/09\/InterclipBH-1024x682.jpeg","type":"","width":"","height":""}],"twitter_card":"summary_large_image","twitter_misc":{"Est. tempo de leitura":"2 minutos"},"schema":{"@context":"https:\/\/schema.org","@graph":[{"@type":["WebPage","CollectionPage"],"@id":"https:\/\/interclip.com.br\/?page_id=1367","url":"https:\/\/interclip.com.br\/?page_id=1367","name":"BLOG - Interclip Clipping e Monitoramento","isPartOf":{"@id":"https:\/\/interclip.com.br\/#website"},"primaryImageOfPage":{"@id":"https:\/\/interclip.com.br\/?page_id=1367#primaryimage"},"image":{"@id":"https:\/\/interclip.com.br\/?page_id=1367#primaryimage"},"thumbnailUrl":"https:\/\/interclip.com.br\/wp-content\/uploads\/2018\/09\/InterclipBH-1024x682.jpeg","datePublished":"2025-09-08T13:04:43+00:00","dateModified":"2025-09-08T15:08:52+00:00","breadcrumb":{"@id":"https:\/\/interclip.com.br\/?page_id=1367#breadcrumb"},"inLanguage":"pt-BR"},{"@type":"ImageObject","inLanguage":"pt-BR","@id":"https:\/\/interclip.com.br\/?page_id=1367#primaryimage","url":"https:\/\/interclip.com.br\/wp-content\/uploads\/2018\/09\/InterclipBH-1024x682.jpeg","contentUrl":"https:\/\/interclip.com.br\/wp-content\/uploads\/2018\/09\/InterclipBH-1024x682.jpeg"},{"@type":"BreadcrumbList","@id":"https:\/\/interclip.com.br\/?page_id=1367#breadcrumb","itemListElement":[{"@type":"ListItem","position":1,"name":"In\u00edcio","item":"https:\/\/interclip.com.br\/"},{"@type":"ListItem","position":2,"name":"BLOG"}]},{"@type":"WebSite","@id":"https:\/\/interclip.com.br\/#website","url":"https:\/\/interclip.com.br\/","name":"Interclip Clipping e Monitoramento","description":"Clipping de not\u00edcias e monitoramento de redes sociais","potentialAction":[{"@type":"SearchAction","target":{"@type":"EntryPoint","urlTemplate":"https:\/\/interclip.com.br\/?s={search_term_string}"},"query-input":{"@type":"PropertyValueSpecification","valueRequired":true,"valueName":"search_term_string"}}],"inLanguage":"pt-BR"}]}},"_links":{"self":[{"href":"https:\/\/interclip.com.br\/index.php?rest_route=\/wp\/v2\/pages\/1367","targetHints":{"allow":["GET"]}}],"collection":[{"href":"https:\/\/interclip.com.br\/index.php?rest_route=\/wp\/v2\/pages"}],"about":[{"href":"https:\/\/interclip.com.br\/index.php?rest_route=\/wp\/v2\/types\/page"}],"author":[{"embeddable":true,"href":"https:\/\/interclip.com.br\/index.php?rest_route=\/wp\/v2\/users\/3"}],"replies":[{"embeddable":true,"href":"https:\/\/interclip.com.br\/index.php?rest_route=%2Fwp%2Fv2%2Fcomments&post=1367"}],"version-history":[{"count":14,"href":"https:\/\/interclip.com.br\/index.php?rest_route=\/wp\/v2\/pages\/1367\/revisions"}],"predecessor-version":[{"id":1401,"href":"https:\/\/interclip.com.br\/index.php?rest_route=\/wp\/v2\/pages\/1367\/revisions\/1401"}],"wp:attachment":[{"href":"https:\/\/interclip.com.br\/index.php?rest_route=%2Fwp%2Fv2%2Fmedia&parent=1367"}],"curies":[{"name":"wp","href":"https:\/\/api.w.org\/{rel}","templated":true}]}}